{"id":57,"date":"2024-09-08T21:05:51","date_gmt":"2024-09-08T19:05:51","guid":{"rendered":"https:\/\/lavoiedessansvoix.fr\/lavoie\/?page_id=57"},"modified":"2024-09-08T21:05:51","modified_gmt":"2024-09-08T19:05:51","slug":"a-propos-de-la-voie-des-sans-voix","status":"publish","type":"page","link":"https:\/\/lavoiedessansvoix.fr\/lavoie\/a-propos-de-la-voie-des-sans-voix\/","title":{"rendered":"\u00c0 propos de La Voie des Sans Voix"},"content":{"rendered":"\n<h3 class=\"wp-block-heading\"><strong>\u00c0 propos de La Voie des Sans Voix<\/strong><\/h3>\n\n\n\n<p>Cr\u00e9\u00e9 il y a plus de 10 ans, <strong>La Voie des Sans Voix<\/strong> s\u2019engage \u00e0 offrir une plateforme critique et ind\u00e9pendante pour analyser et d\u00e9crypter les \u00e9v\u00e9nements politiques, g\u00e9opolitiques et strat\u00e9giques qui fa\u00e7onnent notre monde.<\/p>\n\n\n\n<p>Fond\u00e9 par <strong>Patrick Seignon<\/strong>, le site a \u00e9t\u00e9 con\u00e7u dans le but de donner une voix \u00e0 ceux qui sont souvent ignor\u00e9s dans les discours dominants. Nous croyons en une analyse approfondie, rigoureuse et sans concession des actualit\u00e9s nationales et internationales. Notre mission est de fournir un regard critique sur les d\u00e9cisions politiques, les enjeux de pouvoir, et les conflits qui affectent les soci\u00e9t\u00e9s, tout en mettant en lumi\u00e8re des perspectives alternatives.<\/p>\n\n\n\n<h3 class=\"wp-block-heading\"><strong>Nos engagements<\/strong><\/h3>\n\n\n\n<ul class=\"wp-block-list\">\n<li><strong>Analyse ind\u00e9pendante<\/strong> : Chaque article est r\u00e9dig\u00e9 avec un esprit d&rsquo;analyse libre et ind\u00e9pendant, sans influence d\u2019int\u00e9r\u00eats politiques ou financiers.<\/li>\n\n\n\n<li><strong>Esprit critique<\/strong> : Nous nous effor\u00e7ons de remettre en question les discours officiels et de proposer des angles d\u2019analyse alternatifs.<\/li>\n\n\n\n<li><strong>Information approfondie<\/strong> : Notre \u00e9quipe s\u2019appuie sur des recherches minutieuses et un regard strat\u00e9gique pour offrir une vision globale des enjeux actuels.<\/li>\n<\/ul>\n\n\n\n<h3 class=\"wp-block-heading\"><strong>Notre histoire<\/strong><\/h3>\n\n\n\n<p>Depuis sa cr\u00e9ation, <strong>La Voie des Sans Voix<\/strong> s\u2019est rapidement impos\u00e9 comme un lieu incontournable pour ceux qui cherchent \u00e0 comprendre les dessous des d\u00e9cisions politiques et g\u00e9opolitiques. Au fil des ans, nous avons couvert des \u00e9v\u00e9nements majeurs, de la crise financi\u00e8re \u00e0 la mont\u00e9e des tensions internationales, toujours avec l\u2019objectif d\u2019apporter un \u00e9clairage diff\u00e9rent et une analyse pointue.<\/p>\n\n\n\n<h3 class=\"wp-block-heading\"><strong>Notre audience<\/strong><\/h3>\n\n\n\n<p>Que vous soyez un citoyen engag\u00e9, un analyste politique, ou simplement curieux des dynamiques qui fa\u00e7onnent notre soci\u00e9t\u00e9, <strong>La Voie des Sans Voix<\/strong> est un espace o\u00f9 le d\u00e9bat critique est encourag\u00e9 et la r\u00e9flexion nourrie.<\/p>\n","protected":false},"excerpt":{"rendered":"<p>\u00c0 propos de La Voie des Sans Voix Cr\u00e9\u00e9 il y a plus de 10 ans, La Voie des Sans [&hellip;]<\/p>\n","protected":false},"author":1,"featured_media":0,"parent":0,"menu_order":0,"comment_status":"closed","ping_status":"closed","template":"","meta":{"sfsi_plus_gutenberg_text_before_share":"","sfsi_plus_gutenberg_show_text_before_share":"","sfsi_plus_gutenberg_icon_type":"","sfsi_plus_gutenberg_icon_alignemt":"","sfsi_plus_gutenburg_max_per_row":"","site-sidebar-layout":"default","site-content-layout":"","ast-site-content-layout":"default","site-content-style":"default","site-sidebar-style":"default","ast-global-header-display":"","ast-banner-title-visibility":"","ast-main-header-display":"","ast-hfb-above-header-display":"","ast-hfb-below-header-display":"","ast-hfb-mobile-header-display":"","site-post-title":"","ast-breadcrumbs-content":"","ast-featured-img":"","footer-sml-layout":"","ast-disable-related-posts":"","theme-transparent-header-meta":"","adv-header-id-meta":"","stick-header-meta":"","header-above-stick-meta":"","header-main-stick-meta":"","header-below-stick-meta":"","astra-migrate-meta-layouts":"default","ast-page-background-enabled":"default","ast-page-background-meta":{"desktop":{"background-color":"var(--ast-global-color-4)","background-image":"","background-repeat":"repeat","background-position":"center center","background-size":"auto","background-attachment":"scroll","background-type":"","background-media":"","overlay-type":"","overlay-color":"","overlay-opacity":"","overlay-gradient":""},"tablet":{"background-color":"","background-image":"","background-repeat":"repeat","background-position":"center center","background-size":"auto","background-attachment":"scroll","background-type":"","background-media":"","overlay-type":"","overlay-color":"","overlay-opacity":"","overlay-gradient":""},"mobile":{"background-color":"","background-image":"","background-repeat":"repeat","background-position":"center center","background-size":"auto","background-attachment":"scroll","background-type":"","background-media":"","overlay-type":"","overlay-color":"","overlay-opacity":"","overlay-gradient":""}},"ast-content-background-meta":{"desktop":{"background-color":"var(--ast-global-color-5)","background-image":"","background-repeat":"repeat","background-position":"center center","background-size":"auto","background-attachment":"scroll","background-type":"","background-media":"","overlay-type":"","overlay-color":"","overlay-opacity":"","overlay-gradient":""},"tablet":{"background-color":"var(--ast-global-color-5)","background-image":"","background-repeat":"repeat","background-position":"center center","background-size":"auto","background-attachment":"scroll","background-type":"","background-media":"","overlay-type":"","overlay-color":"","overlay-opacity":"","overlay-gradient":""},"mobile":{"background-color":"var(--ast-global-color-5)","background-image":"","background-repeat":"repeat","background-position":"center center","background-size":"auto","background-attachment":"scroll","background-type":"","background-media":"","overlay-type":"","overlay-color":"","overlay-opacity":"","overlay-gradient":""}},"footnotes":""},"class_list":["post-57","page","type-page","status-publish","hentry"],"_links":{"self":[{"href":"https:\/\/lavoiedessansvoix.fr\/lavoie\/wp-json\/wp\/v2\/pages\/57","targetHints":{"allow":["GET"]}}],"collection":[{"href":"https:\/\/lavoiedessansvoix.fr\/lavoie\/wp-json\/wp\/v2\/pages"}],"about":[{"href":"https:\/\/lavoiedessansvoix.fr\/lavoie\/wp-json\/wp\/v2\/types\/page"}],"author":[{"embeddable":true,"href":"https:\/\/lavoiedessansvoix.fr\/lavoie\/wp-json\/wp\/v2\/users\/1"}],"replies":[{"embeddable":true,"href":"https:\/\/lavoiedessansvoix.fr\/lavoie\/wp-json\/wp\/v2\/comments?post=57"}],"version-history":[{"count":1,"href":"https:\/\/lavoiedessansvoix.fr\/lavoie\/wp-json\/wp\/v2\/pages\/57\/revisions"}],"predecessor-version":[{"id":58,"href":"https:\/\/lavoiedessansvoix.fr\/lavoie\/wp-json\/wp\/v2\/pages\/57\/revisions\/58"}],"wp:attachment":[{"href":"https:\/\/lavoiedessansvoix.fr\/lavoie\/wp-json\/wp\/v2\/media?parent=57"}],"curies":[{"name":"wp","href":"https:\/\/api.w.org\/{rel}","templated":true}]}}